{"id":4849,"date":"2024-07-19T09:58:33","date_gmt":"2024-07-19T07:58:33","guid":{"rendered":"http:\/\/illasjuli.com\/som-mes\/"},"modified":"2024-07-26T13:54:41","modified_gmt":"2024-07-26T11:54:41","slug":"som-mes","status":"publish","type":"page","link":"https:\/\/illasjuli.com\/ca\/som-mes\/","title":{"rendered":"SOM M\u00c9S"},"content":{"rendered":"\t\t<div data-elementor-type=\"wp-page\" data-elementor-id=\"4849\" class=\"elementor elementor-4849 elementor-4146\" data-elementor-post-type=\"page\">\n\t\t\t\t<div class=\"elementor-element elementor-element-9274295 e-con-full e-flex e-con e-parent\" data-id=\"9274295\" data-element_type=\"container\" data-e-type=\"container\" data-settings=\"{&quot;background_background&quot;:&quot;classic&quot;}\">\n\t\t\t\t<div class=\"elementor-element elementor-element-a140a48 elementor-widget elementor-widget-heading\" data-id=\"a140a48\" data-element_type=\"widget\" data-e-type=\"widget\" data-widget_type=\"heading.default\">\n\t\t\t\t<div class=\"elementor-widget-container\">\n\t\t\t\t\t<h1 class=\"elementor-heading-title elementor-size-default\">APASSIONATS<\/h1>\t\t\t\t<\/div>\n\t\t\t\t<\/div>\n\t\t\t\t<div class=\"elementor-element elementor-element-e711ceb elementor-widget elementor-widget-text-editor\" data-id=\"e711ceb\" data-element_type=\"widget\" data-e-type=\"widget\" data-widget_type=\"text-editor.default\">\n\t\t\t\t<div class=\"elementor-widget-container\">\n\t\t\t\t\t\t\t\t\t<p>Apassionats pel bon menjar.<br \/>\nL\u2019alimentaci\u00f3 de qualitat. Saborejar. La innovaci\u00f3. Les teves receptes i les nostres. La nutrici\u00f3. Les textures. El mmmmm\u2026. La teva llista de la compra. El teu negoci. Babejar de felicitat. Parar la taula. Cuinar. Les receptes de la yaya i les que venen de la Xina. La sostenibilitat. Estar a l\u2019\u00faltima.<br \/>\n<b>Aqui compartim tot el que ens apassiona, tot el que ens importa.<\/b> <\/p>\n\t\t\t\t\t\t\t\t<\/div>\n\t\t\t\t<\/div>\n\t\t\t\t<div class=\"elementor-element elementor-element-f85298c elementor-posts--align-left elementor-grid-3 elementor-grid-tablet-2 elementor-grid-mobile-1 elementor-posts--thumbnail-top elementor-widget elementor-widget-posts\" data-id=\"f85298c\" data-element_type=\"widget\" data-e-type=\"widget\" data-settings=\"{&quot;classic_row_gap&quot;:{&quot;unit&quot;:&quot;px&quot;,&quot;size&quot;:50,&quot;sizes&quot;:[]},&quot;pagination_type&quot;:&quot;prev_next&quot;,&quot;classic_columns&quot;:&quot;3&quot;,&quot;classic_columns_tablet&quot;:&quot;2&quot;,&quot;classic_columns_mobile&quot;:&quot;1&quot;,&quot;classic_row_gap_tablet&quot;:{&quot;unit&quot;:&quot;px&quot;,&quot;size&quot;:&quot;&quot;,&quot;sizes&quot;:[]},&quot;classic_row_gap_mobile&quot;:{&quot;unit&quot;:&quot;px&quot;,&quot;size&quot;:&quot;&quot;,&quot;sizes&quot;:[]}}\" data-widget_type=\"posts.classic\">\n\t\t\t\t<div class=\"elementor-widget-container\">\n\t\t\t\t\t\t\t<div class=\"elementor-posts-container elementor-posts elementor-posts--skin-classic elementor-grid\" role=\"list\">\n\t\t\t\t<article class=\"elementor-post elementor-grid-item post-5926 post type-post status-publish format-standard has-post-thumbnail hentry category-sin-categorizar-ca\" role=\"listitem\">\n\t\t\t\t<a class=\"elementor-post__thumbnail__link\" href=\"https:\/\/illasjuli.com\/ca\/un-any-mes-amb-castellum-i-la-fira-de-loli-de-fontanilles\/\" tabindex=\"-1\" >\n\t\t\t<div class=\"elementor-post__thumbnail\"><img fetchpriority=\"high\" decoding=\"async\" width=\"1480\" height=\"914\" src=\"https:\/\/illasjuli.com\/wp-content\/uploads\/2026\/04\/Captura-de-pantalla-2026-04-10-a-las-12.32.29.png\" class=\"attachment-full size-full wp-image-5923\" alt=\"\" srcset=\"https:\/\/illasjuli.com\/wp-content\/uploads\/2026\/04\/Captura-de-pantalla-2026-04-10-a-las-12.32.29.png 1480w, https:\/\/illasjuli.com\/wp-content\/uploads\/2026\/04\/Captura-de-pantalla-2026-04-10-a-las-12.32.29-300x185.png 300w, https:\/\/illasjuli.com\/wp-content\/uploads\/2026\/04\/Captura-de-pantalla-2026-04-10-a-las-12.32.29-1024x632.png 1024w, https:\/\/illasjuli.com\/wp-content\/uploads\/2026\/04\/Captura-de-pantalla-2026-04-10-a-las-12.32.29-150x93.png 150w, https:\/\/illasjuli.com\/wp-content\/uploads\/2026\/04\/Captura-de-pantalla-2026-04-10-a-las-12.32.29-768x474.png 768w\" sizes=\"(max-width: 1480px) 100vw, 1480px\" \/><\/div>\n\t\t<\/a>\n\t\t\t\t<div class=\"elementor-post__text\">\n\t\t\t\t<h3 class=\"elementor-post__title\">\n\t\t\t<a href=\"https:\/\/illasjuli.com\/ca\/un-any-mes-amb-castellum-i-la-fira-de-loli-de-fontanilles\/\" >\n\t\t\t\tUN ANY M\u00c9S AMB CASTELLUM I LA FIRA DE L&#8217;OLI DE FONTANILLES\t\t\t<\/a>\n\t\t<\/h3>\n\t\t\n\t\t<a class=\"elementor-post__read-more\" href=\"https:\/\/illasjuli.com\/ca\/un-any-mes-amb-castellum-i-la-fira-de-loli-de-fontanilles\/\" aria-label=\"Read more about UN ANY M\u00c9S AMB CASTELLUM I LA FIRA DE L&#8217;OLI DE FONTANILLES\" tabindex=\"-1\" >\n\t\t\t\t\t<\/a>\n\n\t\t\t\t<\/div>\n\t\t\t\t<\/article>\n\t\t\t\t<article class=\"elementor-post elementor-grid-item post-5809 post type-post status-publish format-standard has-post-thumbnail hentry category-sin-categorizar-ca\" role=\"listitem\">\n\t\t\t\t<a class=\"elementor-post__thumbnail__link\" href=\"https:\/\/illasjuli.com\/ca\/com-triar-un-bon-proveidor-de-carn\/\" tabindex=\"-1\" >\n\t\t\t<div class=\"elementor-post__thumbnail\"><img decoding=\"async\" width=\"1024\" height=\"768\" src=\"https:\/\/illasjuli.com\/wp-content\/uploads\/2026\/03\/2.png\" class=\"attachment-full size-full wp-image-5799\" alt=\"\" srcset=\"https:\/\/illasjuli.com\/wp-content\/uploads\/2026\/03\/2.png 1024w, https:\/\/illasjuli.com\/wp-content\/uploads\/2026\/03\/2-300x225.png 300w, https:\/\/illasjuli.com\/wp-content\/uploads\/2026\/03\/2-150x113.png 150w, https:\/\/illasjuli.com\/wp-content\/uploads\/2026\/03\/2-768x576.png 768w\" sizes=\"(max-width: 1024px) 100vw, 1024px\" \/><\/div>\n\t\t<\/a>\n\t\t\t\t<div class=\"elementor-post__text\">\n\t\t\t\t<h3 class=\"elementor-post__title\">\n\t\t\t<a href=\"https:\/\/illasjuli.com\/ca\/com-triar-un-bon-proveidor-de-carn\/\" >\n\t\t\t\tCOM TRIAR UN BON PROVE\u00cfDOR DE CARN\t\t\t<\/a>\n\t\t<\/h3>\n\t\t\n\t\t<a class=\"elementor-post__read-more\" href=\"https:\/\/illasjuli.com\/ca\/com-triar-un-bon-proveidor-de-carn\/\" aria-label=\"Read more about COM TRIAR UN BON PROVE\u00cfDOR DE CARN\" tabindex=\"-1\" >\n\t\t\t\t\t<\/a>\n\n\t\t\t\t<\/div>\n\t\t\t\t<\/article>\n\t\t\t\t<article class=\"elementor-post elementor-grid-item post-5784 post type-post status-publish format-standard has-post-thumbnail hentry category-sin-categorizar-ca\" role=\"listitem\">\n\t\t\t\t<a class=\"elementor-post__thumbnail__link\" href=\"https:\/\/illasjuli.com\/ca\/millorar-la-rentabilitat-a-lhosteleria\/\" tabindex=\"-1\" >\n\t\t\t<div class=\"elementor-post__thumbnail\"><img decoding=\"async\" width=\"1024\" height=\"768\" src=\"https:\/\/illasjuli.com\/wp-content\/uploads\/2026\/03\/carteles-totcarn.png\" class=\"attachment-full size-full wp-image-5779\" alt=\"\" srcset=\"https:\/\/illasjuli.com\/wp-content\/uploads\/2026\/03\/carteles-totcarn.png 1024w, https:\/\/illasjuli.com\/wp-content\/uploads\/2026\/03\/carteles-totcarn-300x225.png 300w, https:\/\/illasjuli.com\/wp-content\/uploads\/2026\/03\/carteles-totcarn-150x113.png 150w, https:\/\/illasjuli.com\/wp-content\/uploads\/2026\/03\/carteles-totcarn-768x576.png 768w\" sizes=\"(max-width: 1024px) 100vw, 1024px\" \/><\/div>\n\t\t<\/a>\n\t\t\t\t<div class=\"elementor-post__text\">\n\t\t\t\t<h3 class=\"elementor-post__title\">\n\t\t\t<a href=\"https:\/\/illasjuli.com\/ca\/millorar-la-rentabilitat-a-lhosteleria\/\" >\n\t\t\t\tMILLORAR LA RENTABILITAT A L&#8217;HOSTELERIA\t\t\t<\/a>\n\t\t<\/h3>\n\t\t\n\t\t<a class=\"elementor-post__read-more\" href=\"https:\/\/illasjuli.com\/ca\/millorar-la-rentabilitat-a-lhosteleria\/\" aria-label=\"Read more about MILLORAR LA RENTABILITAT A L&#8217;HOSTELERIA\" tabindex=\"-1\" >\n\t\t\t\t\t<\/a>\n\n\t\t\t\t<\/div>\n\t\t\t\t<\/article>\n\t\t\t\t<article class=\"elementor-post elementor-grid-item post-5723 post type-post status-publish format-standard has-post-thumbnail hentry category-sin-categorizar-ca\" role=\"listitem\">\n\t\t\t\t<a class=\"elementor-post__thumbnail__link\" href=\"https:\/\/illasjuli.com\/ca\/el-nou-rebost-es-al-congelador\/\" tabindex=\"-1\" >\n\t\t\t<div class=\"elementor-post__thumbnail\"><img loading=\"lazy\" decoding=\"async\" width=\"1024\" height=\"768\" src=\"https:\/\/illasjuli.com\/wp-content\/uploads\/2026\/03\/carteles-totcarn.jpg\" class=\"attachment-full size-full wp-image-5705\" alt=\"\" srcset=\"https:\/\/illasjuli.com\/wp-content\/uploads\/2026\/03\/carteles-totcarn.jpg 1024w, https:\/\/illasjuli.com\/wp-content\/uploads\/2026\/03\/carteles-totcarn-300x225.jpg 300w, https:\/\/illasjuli.com\/wp-content\/uploads\/2026\/03\/carteles-totcarn-150x113.jpg 150w, https:\/\/illasjuli.com\/wp-content\/uploads\/2026\/03\/carteles-totcarn-768x576.jpg 768w\" sizes=\"(max-width: 1024px) 100vw, 1024px\" \/><\/div>\n\t\t<\/a>\n\t\t\t\t<div class=\"elementor-post__text\">\n\t\t\t\t<h3 class=\"elementor-post__title\">\n\t\t\t<a href=\"https:\/\/illasjuli.com\/ca\/el-nou-rebost-es-al-congelador\/\" >\n\t\t\t\tEL NOU REBOST \u00c9S AL CONGELADOR\t\t\t<\/a>\n\t\t<\/h3>\n\t\t\n\t\t<a class=\"elementor-post__read-more\" href=\"https:\/\/illasjuli.com\/ca\/el-nou-rebost-es-al-congelador\/\" aria-label=\"Read more about EL NOU REBOST \u00c9S AL CONGELADOR\" tabindex=\"-1\" >\n\t\t\t\t\t<\/a>\n\n\t\t\t\t<\/div>\n\t\t\t\t<\/article>\n\t\t\t\t<article class=\"elementor-post elementor-grid-item post-5731 post type-post status-publish format-standard has-post-thumbnail hentry category-sin-categorizar-ca\" role=\"listitem\">\n\t\t\t\t<a class=\"elementor-post__thumbnail__link\" href=\"https:\/\/illasjuli.com\/ca\/fira-alimentaria-2026\/\" tabindex=\"-1\" >\n\t\t\t<div class=\"elementor-post__thumbnail\"><img loading=\"lazy\" decoding=\"async\" width=\"2560\" height=\"1440\" src=\"https:\/\/illasjuli.com\/wp-content\/uploads\/2025\/12\/Captura-de-pantalla-2025-12-04-a-las-13.13.20-scaled.png\" class=\"attachment-full size-full wp-image-5586\" alt=\"\" srcset=\"https:\/\/illasjuli.com\/wp-content\/uploads\/2025\/12\/Captura-de-pantalla-2025-12-04-a-las-13.13.20-scaled.png 2560w, https:\/\/illasjuli.com\/wp-content\/uploads\/2025\/12\/Captura-de-pantalla-2025-12-04-a-las-13.13.20-300x169.png 300w, https:\/\/illasjuli.com\/wp-content\/uploads\/2025\/12\/Captura-de-pantalla-2025-12-04-a-las-13.13.20-1024x576.png 1024w, https:\/\/illasjuli.com\/wp-content\/uploads\/2025\/12\/Captura-de-pantalla-2025-12-04-a-las-13.13.20-150x84.png 150w, https:\/\/illasjuli.com\/wp-content\/uploads\/2025\/12\/Captura-de-pantalla-2025-12-04-a-las-13.13.20-768x432.png 768w, https:\/\/illasjuli.com\/wp-content\/uploads\/2025\/12\/Captura-de-pantalla-2025-12-04-a-las-13.13.20-1536x864.png 1536w, https:\/\/illasjuli.com\/wp-content\/uploads\/2025\/12\/Captura-de-pantalla-2025-12-04-a-las-13.13.20-2048x1152.png 2048w\" sizes=\"(max-width: 2560px) 100vw, 2560px\" \/><\/div>\n\t\t<\/a>\n\t\t\t\t<div class=\"elementor-post__text\">\n\t\t\t\t<h3 class=\"elementor-post__title\">\n\t\t\t<a href=\"https:\/\/illasjuli.com\/ca\/fira-alimentaria-2026\/\" >\n\t\t\t\tFIRA ALIMENT\u00c0RIA 2026\t\t\t<\/a>\n\t\t<\/h3>\n\t\t\n\t\t<a class=\"elementor-post__read-more\" href=\"https:\/\/illasjuli.com\/ca\/fira-alimentaria-2026\/\" aria-label=\"Read more about FIRA ALIMENT\u00c0RIA 2026\" tabindex=\"-1\" >\n\t\t\t\t\t<\/a>\n\n\t\t\t\t<\/div>\n\t\t\t\t<\/article>\n\t\t\t\t<article class=\"elementor-post elementor-grid-item post-5350 post type-post status-publish format-standard has-post-thumbnail hentry category-sin-categorizar-ca\" role=\"listitem\">\n\t\t\t\t<a class=\"elementor-post__thumbnail__link\" href=\"https:\/\/illasjuli.com\/ca\/illas-juli-amb-la-cultura-i-les-tradicions\/\" tabindex=\"-1\" >\n\t\t\t<div class=\"elementor-post__thumbnail\"><img loading=\"lazy\" decoding=\"async\" width=\"4480\" height=\"2520\" src=\"https:\/\/illasjuli.com\/wp-content\/uploads\/2025\/03\/Captura-de-pantalla-2025-03-04-a-las-14.55.00.png\" class=\"attachment-full size-full wp-image-5353\" alt=\"\" srcset=\"https:\/\/illasjuli.com\/wp-content\/uploads\/2025\/03\/Captura-de-pantalla-2025-03-04-a-las-14.55.00.png 4480w, https:\/\/illasjuli.com\/wp-content\/uploads\/2025\/03\/Captura-de-pantalla-2025-03-04-a-las-14.55.00-300x169.png 300w, https:\/\/illasjuli.com\/wp-content\/uploads\/2025\/03\/Captura-de-pantalla-2025-03-04-a-las-14.55.00-1024x576.png 1024w, https:\/\/illasjuli.com\/wp-content\/uploads\/2025\/03\/Captura-de-pantalla-2025-03-04-a-las-14.55.00-150x84.png 150w, https:\/\/illasjuli.com\/wp-content\/uploads\/2025\/03\/Captura-de-pantalla-2025-03-04-a-las-14.55.00-768x432.png 768w, https:\/\/illasjuli.com\/wp-content\/uploads\/2025\/03\/Captura-de-pantalla-2025-03-04-a-las-14.55.00-1536x864.png 1536w, https:\/\/illasjuli.com\/wp-content\/uploads\/2025\/03\/Captura-de-pantalla-2025-03-04-a-las-14.55.00-2048x1152.png 2048w\" sizes=\"(max-width: 4480px) 100vw, 4480px\" \/><\/div>\n\t\t<\/a>\n\t\t\t\t<div class=\"elementor-post__text\">\n\t\t\t\t<h3 class=\"elementor-post__title\">\n\t\t\t<a href=\"https:\/\/illasjuli.com\/ca\/illas-juli-amb-la-cultura-i-les-tradicions\/\" >\n\t\t\t\t\u200bILLAS JULI AMB LA CULTURA I LES TRADICIONS\t\t\t<\/a>\n\t\t<\/h3>\n\t\t\n\t\t<a class=\"elementor-post__read-more\" href=\"https:\/\/illasjuli.com\/ca\/illas-juli-amb-la-cultura-i-les-tradicions\/\" aria-label=\"Read more about \u200bILLAS JULI AMB LA CULTURA I LES TRADICIONS\" tabindex=\"-1\" >\n\t\t\t\t\t<\/a>\n\n\t\t\t\t<\/div>\n\t\t\t\t<\/article>\n\t\t\t\t<article class=\"elementor-post elementor-grid-item post-5147 post type-post status-publish format-standard has-post-thumbnail hentry category-sin-categorizar-ca\" role=\"listitem\">\n\t\t\t\t<a class=\"elementor-post__thumbnail__link\" href=\"https:\/\/illasjuli.com\/ca\/som-laliment-de-les-teves-festes\/\" tabindex=\"-1\" >\n\t\t\t<div class=\"elementor-post__thumbnail\"><img loading=\"lazy\" decoding=\"async\" width=\"4480\" height=\"2520\" src=\"https:\/\/illasjuli.com\/wp-content\/uploads\/2024\/11\/festes-de-nadal-totcarn.png\" class=\"attachment-full size-full wp-image-5144\" alt=\"\" srcset=\"https:\/\/illasjuli.com\/wp-content\/uploads\/2024\/11\/festes-de-nadal-totcarn.png 4480w, https:\/\/illasjuli.com\/wp-content\/uploads\/2024\/11\/festes-de-nadal-totcarn-300x169.png 300w, https:\/\/illasjuli.com\/wp-content\/uploads\/2024\/11\/festes-de-nadal-totcarn-1024x576.png 1024w, https:\/\/illasjuli.com\/wp-content\/uploads\/2024\/11\/festes-de-nadal-totcarn-150x84.png 150w, https:\/\/illasjuli.com\/wp-content\/uploads\/2024\/11\/festes-de-nadal-totcarn-768x432.png 768w, https:\/\/illasjuli.com\/wp-content\/uploads\/2024\/11\/festes-de-nadal-totcarn-1536x864.png 1536w, https:\/\/illasjuli.com\/wp-content\/uploads\/2024\/11\/festes-de-nadal-totcarn-2048x1152.png 2048w\" sizes=\"(max-width: 4480px) 100vw, 4480px\" \/><\/div>\n\t\t<\/a>\n\t\t\t\t<div class=\"elementor-post__text\">\n\t\t\t\t<h3 class=\"elementor-post__title\">\n\t\t\t<a href=\"https:\/\/illasjuli.com\/ca\/som-laliment-de-les-teves-festes\/\" >\n\t\t\t\tSOM L&#8217;ALIMENT DE LES TEVES FESTES\t\t\t<\/a>\n\t\t<\/h3>\n\t\t\n\t\t<a class=\"elementor-post__read-more\" href=\"https:\/\/illasjuli.com\/ca\/som-laliment-de-les-teves-festes\/\" aria-label=\"Read more about SOM L&#8217;ALIMENT DE LES TEVES FESTES\" tabindex=\"-1\" >\n\t\t\t\t\t<\/a>\n\n\t\t\t\t<\/div>\n\t\t\t\t<\/article>\n\t\t\t\t<article class=\"elementor-post elementor-grid-item post-5107 post type-post status-publish format-standard has-post-thumbnail hentry category-sin-categorizar-ca\" role=\"listitem\">\n\t\t\t\t<a class=\"elementor-post__thumbnail__link\" href=\"https:\/\/illasjuli.com\/ca\/garantia-halal\/\" tabindex=\"-1\" >\n\t\t\t<div class=\"elementor-post__thumbnail\"><img loading=\"lazy\" decoding=\"async\" width=\"4480\" height=\"2520\" src=\"https:\/\/illasjuli.com\/wp-content\/uploads\/2024\/09\/SELLLO-HALAL.png\" class=\"attachment-full size-full wp-image-5102\" alt=\"\" srcset=\"https:\/\/illasjuli.com\/wp-content\/uploads\/2024\/09\/SELLLO-HALAL.png 4480w, https:\/\/illasjuli.com\/wp-content\/uploads\/2024\/09\/SELLLO-HALAL-300x169.png 300w, https:\/\/illasjuli.com\/wp-content\/uploads\/2024\/09\/SELLLO-HALAL-1024x576.png 1024w, https:\/\/illasjuli.com\/wp-content\/uploads\/2024\/09\/SELLLO-HALAL-150x84.png 150w, https:\/\/illasjuli.com\/wp-content\/uploads\/2024\/09\/SELLLO-HALAL-768x432.png 768w, https:\/\/illasjuli.com\/wp-content\/uploads\/2024\/09\/SELLLO-HALAL-1536x864.png 1536w, https:\/\/illasjuli.com\/wp-content\/uploads\/2024\/09\/SELLLO-HALAL-2048x1152.png 2048w\" sizes=\"(max-width: 4480px) 100vw, 4480px\" \/><\/div>\n\t\t<\/a>\n\t\t\t\t<div class=\"elementor-post__text\">\n\t\t\t\t<h3 class=\"elementor-post__title\">\n\t\t\t<a href=\"https:\/\/illasjuli.com\/ca\/garantia-halal\/\" >\n\t\t\t\tGARANTIA HALAL\t\t\t<\/a>\n\t\t<\/h3>\n\t\t\n\t\t<a class=\"elementor-post__read-more\" href=\"https:\/\/illasjuli.com\/ca\/garantia-halal\/\" aria-label=\"Read more about GARANTIA HALAL\" tabindex=\"-1\" >\n\t\t\t\t\t<\/a>\n\n\t\t\t\t<\/div>\n\t\t\t\t<\/article>\n\t\t\t\t<article class=\"elementor-post elementor-grid-item post-5090 post type-post status-publish format-standard has-post-thumbnail hentry category-sin-categorizar-ca\" role=\"listitem\">\n\t\t\t\t<a class=\"elementor-post__thumbnail__link\" href=\"https:\/\/illasjuli.com\/ca\/els-nostres-elaborats-i-preparats\/\" tabindex=\"-1\" >\n\t\t\t<div class=\"elementor-post__thumbnail\"><img loading=\"lazy\" decoding=\"async\" width=\"4480\" height=\"2520\" src=\"https:\/\/illasjuli.com\/wp-content\/uploads\/2024\/08\/Captura-de-pantalla-2024-08-19-a-las-12.03.46.png\" class=\"attachment-full size-full wp-image-5083\" alt=\"\" srcset=\"https:\/\/illasjuli.com\/wp-content\/uploads\/2024\/08\/Captura-de-pantalla-2024-08-19-a-las-12.03.46.png 4480w, https:\/\/illasjuli.com\/wp-content\/uploads\/2024\/08\/Captura-de-pantalla-2024-08-19-a-las-12.03.46-300x169.png 300w, https:\/\/illasjuli.com\/wp-content\/uploads\/2024\/08\/Captura-de-pantalla-2024-08-19-a-las-12.03.46-1024x576.png 1024w, https:\/\/illasjuli.com\/wp-content\/uploads\/2024\/08\/Captura-de-pantalla-2024-08-19-a-las-12.03.46-150x84.png 150w, https:\/\/illasjuli.com\/wp-content\/uploads\/2024\/08\/Captura-de-pantalla-2024-08-19-a-las-12.03.46-768x432.png 768w, https:\/\/illasjuli.com\/wp-content\/uploads\/2024\/08\/Captura-de-pantalla-2024-08-19-a-las-12.03.46-1536x864.png 1536w, https:\/\/illasjuli.com\/wp-content\/uploads\/2024\/08\/Captura-de-pantalla-2024-08-19-a-las-12.03.46-2048x1152.png 2048w\" sizes=\"(max-width: 4480px) 100vw, 4480px\" \/><\/div>\n\t\t<\/a>\n\t\t\t\t<div class=\"elementor-post__text\">\n\t\t\t\t<h3 class=\"elementor-post__title\">\n\t\t\t<a href=\"https:\/\/illasjuli.com\/ca\/els-nostres-elaborats-i-preparats\/\" >\n\t\t\t\tEls nostres elaborats i preparats\t\t\t<\/a>\n\t\t<\/h3>\n\t\t\n\t\t<a class=\"elementor-post__read-more\" href=\"https:\/\/illasjuli.com\/ca\/els-nostres-elaborats-i-preparats\/\" aria-label=\"Read more about Els nostres elaborats i preparats\" tabindex=\"-1\" >\n\t\t\t\t\t<\/a>\n\n\t\t\t\t<\/div>\n\t\t\t\t<\/article>\n\t\t\t\t<article class=\"elementor-post elementor-grid-item post-5055 post type-post status-publish format-standard has-post-thumbnail hentry category-sin-categorizar-ca tag-carn tag-congelats tag-iqf-ca tag-ultracongelats\" role=\"listitem\">\n\t\t\t\t<a class=\"elementor-post__thumbnail__link\" href=\"https:\/\/illasjuli.com\/ca\/el-poder-de-lultracongelat\/\" tabindex=\"-1\" >\n\t\t\t<div class=\"elementor-post__thumbnail\"><img loading=\"lazy\" decoding=\"async\" width=\"4480\" height=\"2520\" src=\"https:\/\/illasjuli.com\/wp-content\/uploads\/2024\/08\/Captura-de-pantalla-2024-08-13-a-las-8.47.40.png\" class=\"attachment-full size-full wp-image-5045\" alt=\"\" srcset=\"https:\/\/illasjuli.com\/wp-content\/uploads\/2024\/08\/Captura-de-pantalla-2024-08-13-a-las-8.47.40.png 4480w, https:\/\/illasjuli.com\/wp-content\/uploads\/2024\/08\/Captura-de-pantalla-2024-08-13-a-las-8.47.40-300x169.png 300w, https:\/\/illasjuli.com\/wp-content\/uploads\/2024\/08\/Captura-de-pantalla-2024-08-13-a-las-8.47.40-1024x576.png 1024w, https:\/\/illasjuli.com\/wp-content\/uploads\/2024\/08\/Captura-de-pantalla-2024-08-13-a-las-8.47.40-150x84.png 150w, https:\/\/illasjuli.com\/wp-content\/uploads\/2024\/08\/Captura-de-pantalla-2024-08-13-a-las-8.47.40-768x432.png 768w, https:\/\/illasjuli.com\/wp-content\/uploads\/2024\/08\/Captura-de-pantalla-2024-08-13-a-las-8.47.40-1536x864.png 1536w, https:\/\/illasjuli.com\/wp-content\/uploads\/2024\/08\/Captura-de-pantalla-2024-08-13-a-las-8.47.40-2048x1152.png 2048w\" sizes=\"(max-width: 4480px) 100vw, 4480px\" \/><\/div>\n\t\t<\/a>\n\t\t\t\t<div class=\"elementor-post__text\">\n\t\t\t\t<h3 class=\"elementor-post__title\">\n\t\t\t<a href=\"https:\/\/illasjuli.com\/ca\/el-poder-de-lultracongelat\/\" >\n\t\t\t\tEl poder de l&#8217;ultracongelat\t\t\t<\/a>\n\t\t<\/h3>\n\t\t\n\t\t<a class=\"elementor-post__read-more\" href=\"https:\/\/illasjuli.com\/ca\/el-poder-de-lultracongelat\/\" aria-label=\"Read more about El poder de l&#8217;ultracongelat\" tabindex=\"-1\" >\n\t\t\t\t\t<\/a>\n\n\t\t\t\t<\/div>\n\t\t\t\t<\/article>\n\t\t\t\t<article class=\"elementor-post elementor-grid-item post-5023 post type-post status-publish format-standard has-post-thumbnail hentry category-sin-categorizar-ca\" role=\"listitem\">\n\t\t\t\t<a class=\"elementor-post__thumbnail__link\" href=\"https:\/\/illasjuli.com\/ca\/un-any-mes-amb-la-cursa-de-sant-bonos-blanes\/\" tabindex=\"-1\" >\n\t\t\t<div class=\"elementor-post__thumbnail\"><img loading=\"lazy\" decoding=\"async\" width=\"4480\" height=\"2520\" src=\"https:\/\/illasjuli.com\/wp-content\/uploads\/2024\/08\/Captura-de-pantalla-2024-08-09-a-las-9.55.26.png\" class=\"attachment-full size-full wp-image-5021\" alt=\"\" srcset=\"https:\/\/illasjuli.com\/wp-content\/uploads\/2024\/08\/Captura-de-pantalla-2024-08-09-a-las-9.55.26.png 4480w, https:\/\/illasjuli.com\/wp-content\/uploads\/2024\/08\/Captura-de-pantalla-2024-08-09-a-las-9.55.26-300x169.png 300w, https:\/\/illasjuli.com\/wp-content\/uploads\/2024\/08\/Captura-de-pantalla-2024-08-09-a-las-9.55.26-1024x576.png 1024w, https:\/\/illasjuli.com\/wp-content\/uploads\/2024\/08\/Captura-de-pantalla-2024-08-09-a-las-9.55.26-150x84.png 150w, https:\/\/illasjuli.com\/wp-content\/uploads\/2024\/08\/Captura-de-pantalla-2024-08-09-a-las-9.55.26-768x432.png 768w, https:\/\/illasjuli.com\/wp-content\/uploads\/2024\/08\/Captura-de-pantalla-2024-08-09-a-las-9.55.26-1536x864.png 1536w, https:\/\/illasjuli.com\/wp-content\/uploads\/2024\/08\/Captura-de-pantalla-2024-08-09-a-las-9.55.26-2048x1152.png 2048w\" sizes=\"(max-width: 4480px) 100vw, 4480px\" \/><\/div>\n\t\t<\/a>\n\t\t\t\t<div class=\"elementor-post__text\">\n\t\t\t\t<h3 class=\"elementor-post__title\">\n\t\t\t<a href=\"https:\/\/illasjuli.com\/ca\/un-any-mes-amb-la-cursa-de-sant-bonos-blanes\/\" >\n\t\t\t\tUn any m\u00e9s amb la cursa de Sant Bon\u00f3s, Blanes\t\t\t<\/a>\n\t\t<\/h3>\n\t\t\n\t\t<a class=\"elementor-post__read-more\" href=\"https:\/\/illasjuli.com\/ca\/un-any-mes-amb-la-cursa-de-sant-bonos-blanes\/\" aria-label=\"Read more about Un any m\u00e9s amb la cursa de Sant Bon\u00f3s, Blanes\" tabindex=\"-1\" >\n\t\t\t\t\t<\/a>\n\n\t\t\t\t<\/div>\n\t\t\t\t<\/article>\n\t\t\t\t<article class=\"elementor-post elementor-grid-item post-5000 post type-post status-publish format-standard has-post-thumbnail hentry category-sin-categorizar-ca\" role=\"listitem\">\n\t\t\t\t<a class=\"elementor-post__thumbnail__link\" href=\"https:\/\/illasjuli.com\/ca\/mes-de-60-anys-compromesos-amb-la-qualitat\/\" tabindex=\"-1\" >\n\t\t\t<div class=\"elementor-post__thumbnail\"><img loading=\"lazy\" decoding=\"async\" width=\"4480\" height=\"2520\" src=\"https:\/\/illasjuli.com\/wp-content\/uploads\/2024\/08\/ILLASJULI-LOGO-2024-2.png\" class=\"attachment-full size-full wp-image-4997\" alt=\"\" srcset=\"https:\/\/illasjuli.com\/wp-content\/uploads\/2024\/08\/ILLASJULI-LOGO-2024-2.png 4480w, https:\/\/illasjuli.com\/wp-content\/uploads\/2024\/08\/ILLASJULI-LOGO-2024-2-300x169.png 300w, https:\/\/illasjuli.com\/wp-content\/uploads\/2024\/08\/ILLASJULI-LOGO-2024-2-1024x576.png 1024w, https:\/\/illasjuli.com\/wp-content\/uploads\/2024\/08\/ILLASJULI-LOGO-2024-2-150x84.png 150w, https:\/\/illasjuli.com\/wp-content\/uploads\/2024\/08\/ILLASJULI-LOGO-2024-2-768x432.png 768w, https:\/\/illasjuli.com\/wp-content\/uploads\/2024\/08\/ILLASJULI-LOGO-2024-2-1536x864.png 1536w, https:\/\/illasjuli.com\/wp-content\/uploads\/2024\/08\/ILLASJULI-LOGO-2024-2-2048x1152.png 2048w\" sizes=\"(max-width: 4480px) 100vw, 4480px\" \/><\/div>\n\t\t<\/a>\n\t\t\t\t<div class=\"elementor-post__text\">\n\t\t\t\t<h3 class=\"elementor-post__title\">\n\t\t\t<a href=\"https:\/\/illasjuli.com\/ca\/mes-de-60-anys-compromesos-amb-la-qualitat\/\" >\n\t\t\t\tM\u00e9s de 60 anys compromesos amb la qualitat\t\t\t<\/a>\n\t\t<\/h3>\n\t\t\n\t\t<a class=\"elementor-post__read-more\" href=\"https:\/\/illasjuli.com\/ca\/mes-de-60-anys-compromesos-amb-la-qualitat\/\" aria-label=\"Read more about M\u00e9s de 60 anys compromesos amb la qualitat\" tabindex=\"-1\" >\n\t\t\t\t\t<\/a>\n\n\t\t\t\t<\/div>\n\t\t\t\t<\/article>\n\t\t\t\t<\/div>\n\t\t\n\t\t\t\t\t\t<\/div>\n\t\t\t\t<\/div>\n\t\t\t\t<\/div>\n\t\t\t\t<\/div>\n\t\t","protected":false},"excerpt":{"rendered":"<p>APASSIONATS Apassionats pel bon menjar. L\u2019alimentaci\u00f3 de qualitat. Saborejar. La innovaci\u00f3. Les teves receptes i les nostres. La nutrici\u00f3. Les textures. El mmmmm\u2026. La teva<\/p>\n","protected":false},"author":2,"featured_media":0,"parent":0,"menu_order":0,"comment_status":"closed","ping_status":"closed","template":"elementor_header_footer","meta":{"footnotes":""},"class_list":["post-4849","page","type-page","status-publish","hentry"],"_links":{"self":[{"href":"https:\/\/illasjuli.com\/ca\/wp-json\/wp\/v2\/pages\/4849","targetHints":{"allow":["GET"]}}],"collection":[{"href":"https:\/\/illasjuli.com\/ca\/wp-json\/wp\/v2\/pages"}],"about":[{"href":"https:\/\/illasjuli.com\/ca\/wp-json\/wp\/v2\/types\/page"}],"author":[{"embeddable":true,"href":"https:\/\/illasjuli.com\/ca\/wp-json\/wp\/v2\/users\/2"}],"replies":[{"embeddable":true,"href":"https:\/\/illasjuli.com\/ca\/wp-json\/wp\/v2\/comments?post=4849"}],"version-history":[{"count":1,"href":"https:\/\/illasjuli.com\/ca\/wp-json\/wp\/v2\/pages\/4849\/revisions"}],"predecessor-version":[{"id":4850,"href":"https:\/\/illasjuli.com\/ca\/wp-json\/wp\/v2\/pages\/4849\/revisions\/4850"}],"wp:attachment":[{"href":"https:\/\/illasjuli.com\/ca\/wp-json\/wp\/v2\/media?parent=4849"}],"curies":[{"name":"wp","href":"https:\/\/api.w.org\/{rel}","templated":true}]}}